{"id":564,"date":"2021-09-16T07:42:39","date_gmt":"2021-09-16T05:42:39","guid":{"rendered":"http:\/\/demo.ovathemes.com\/moore\/?page_id=564"},"modified":"2022-08-02T09:58:16","modified_gmt":"2022-08-02T07:58:16","slug":"vacances-a-champagny-en-vanoise","status":"publish","type":"page","link":"https:\/\/residence-balconsetoiles.com\/fr\/vacances-a-champagny-en-vanoise\/","title":{"rendered":"vacances \u00e0 champagny en vanoise"},"content":{"rendered":"\t\t<div data-elementor-type=\"wp-page\" data-elementor-id=\"564\" class=\"elementor elementor-564\">\n\t\t\t\t\t\t<section class=\"elementor-section elementor-top-section elementor-element elementor-element-7f34cc22 elementor-section-full_width elementor-hidden-mobile elementor-section-height-default elementor-section-height-default\" data-id=\"7f34cc22\" data-element_type=\"section\" data-settings=\"{&quot;background_background&quot;:&quot;classic&quot;}\">\n\t\t\t\t\t\t\t<div class=\"elementor-background-overlay\"><\/div>\n\t\t\t\t\t\t\t<div class=\"elementor-container elementor-column-gap-default\">\n\t\t\t\t\t<div class=\"elementor-column elementor-col-100 elementor-top-column elementor-element elementor-element-3f0dd8f8\" data-id=\"3f0dd8f8\" data-element_type=\"column\">\n\t\t\t<div class=\"elementor-widget-wrap elementor-element-populated\">\n\t\t\t\t\t\t<div class=\"elementor-element elementor-element-3d49d029 elementor-widget elementor-widget-spacer\" data-id=\"3d49d029\" data-element_type=\"widget\" data-widget_type=\"spacer.default\">\n\t\t\t\t<div class=\"elementor-widget-container\">\n\t\t\t<style>\/*! elementor - v3.20.0 - 11-03-2024 *\/\n.elementor-column .elementor-spacer-inner{height:var(--spacer-size)}.e-con{--container-widget-width:100%}.e-con-inner>.elementor-widget-spacer,.e-con>.elementor-widget-spacer{width:var(--container-widget-width,var(--spacer-size));--align-self:var(--container-widget-align-self,initial);--flex-shrink:0}.e-con-inner>.elementor-widget-spacer>.elementor-widget-container,.e-con>.elementor-widget-spacer>.elementor-widget-container{height:100%;width:100%}.e-con-inner>.elementor-widget-spacer>.elementor-widget-container>.elementor-spacer,.e-con>.elementor-widget-spacer>.elementor-widget-container>.elementor-spacer{height:100%}.e-con-inner>.elementor-widget-spacer>.elementor-widget-container>.elementor-spacer>.elementor-spacer-inner,.e-con>.elementor-widget-spacer>.elementor-widget-container>.elementor-spacer>.elementor-spacer-inner{height:var(--container-widget-height,var(--spacer-size))}.e-con-inner>.elementor-widget-spacer.elementor-widget-empty,.e-con>.elementor-widget-spacer.elementor-widget-empty{position:relative;min-height:22px;min-width:22px}.e-con-inner>.elementor-widget-spacer.elementor-widget-empty .elementor-widget-empty-icon,.e-con>.elementor-widget-spacer.elementor-widget-empty .elementor-widget-empty-icon{position:absolute;top:0;bottom:0;left:0;right:0;margin:auto;padding:0;width:22px;height:22px}<\/style>\t\t<div class=\"elementor-spacer\">\n\t\t\t<div class=\"elementor-spacer-inner\"><\/div>\n\t\t<\/div>\n\t\t\t\t<\/div>\n\t\t\t\t<\/div>\n\t\t\t\t<div class=\"elementor-element elementor-element-1505c635 elementor-widget elementor-widget-heading\" data-id=\"1505c635\" data-element_type=\"widget\" data-widget_type=\"heading.default\">\n\t\t\t\t<div class=\"elementor-widget-container\">\n\t\t\t<style>\/*! elementor - v3.20.0 - 11-03-2024 *\/\n.elementor-heading-title{padding:0;margin:0;line-height:1}.elementor-widget-heading .elementor-heading-title[class*=elementor-size-]>a{color:inherit;font-size:inherit;line-height:inherit}.elementor-widget-heading .elementor-heading-title.elementor-size-small{font-size:15px}.elementor-widget-heading .elementor-heading-title.elementor-size-medium{font-size:19px}.elementor-widget-heading .elementor-heading-title.elementor-size-large{font-size:29px}.elementor-widget-heading .elementor-heading-title.elementor-size-xl{font-size:39px}.elementor-widget-heading .elementor-heading-title.elementor-size-xxl{font-size:59px}<\/style><h1 class=\"elementor-heading-title elementor-size-default\"> VOS VACANCES \u00c0 CHAMPAGNY-EN-VANOISE<\/h1>\t\t<\/div>\n\t\t\t\t<\/div>\n\t\t\t\t<div class=\"elementor-element elementor-element-1cdf2c43 elementor-widget elementor-widget-spacer\" data-id=\"1cdf2c43\" data-element_type=\"widget\" data-widget_type=\"spacer.default\">\n\t\t\t\t<div class=\"elementor-widget-container\">\n\t\t\t\t\t<div class=\"elementor-spacer\">\n\t\t\t<div class=\"elementor-spacer-inner\"><\/div>\n\t\t<\/div>\n\t\t\t\t<\/div>\n\t\t\t\t<\/div>\n\t\t\t\t\t<\/div>\n\t\t<\/div>\n\t\t\t\t\t<\/div>\n\t\t<\/section>\n\t\t\t\t<section class=\"elementor-section elementor-top-section elementor-element elementor-element-cacf5db elementor-section-full_width elementor-section-height-min-height elementor-hidden-desktop elementor-hidden-tablet elementor-section-height-default elementor-section-items-middle\" data-id=\"cacf5db\" data-element_type=\"section\" data-settings=\"{&quot;background_background&quot;:&quot;classic&quot;}\">\n\t\t\t\t\t\t\t<div class=\"elementor-background-overlay\"><\/div>\n\t\t\t\t\t\t\t<div class=\"elementor-container elementor-column-gap-default\">\n\t\t\t\t\t<div class=\"elementor-column elementor-col-100 elementor-top-column elementor-element elementor-element-3140cb7\" data-id=\"3140cb7\" data-element_type=\"column\">\n\t\t\t<div class=\"elementor-widget-wrap elementor-element-populated\">\n\t\t\t\t\t\t<div class=\"elementor-element elementor-element-f1ffaf2 elementor-widget elementor-widget-heading\" data-id=\"f1ffaf2\" data-element_type=\"widget\" data-widget_type=\"heading.default\">\n\t\t\t\t<div class=\"elementor-widget-container\">\n\t\t\t<h1 class=\"elementor-heading-title elementor-size-default\"> VOS VACANCES \u00c0 CHAMPAGNY-EN-VANOISE<\/h1>\t\t<\/div>\n\t\t\t\t<\/div>\n\t\t\t\t\t<\/div>\n\t\t<\/div>\n\t\t\t\t\t<\/div>\n\t\t<\/section>\n\t\t\t\t<section class=\"elementor-section elementor-top-section elementor-element elementor-element-e9c69b3 elementor-section-boxed elementor-section-height-default elementor-section-height-default\" data-id=\"e9c69b3\" data-element_type=\"section\">\n\t\t\t\t\t\t<div class=\"elementor-container elementor-column-gap-default\">\n\t\t\t\t\t<div class=\"elementor-column elementor-col-100 elementor-top-column elementor-element elementor-element-0ee1b0e\" data-id=\"0ee1b0e\" data-element_type=\"column\">\n\t\t\t<div class=\"elementor-widget-wrap elementor-element-populated\">\n\t\t\t\t\t\t<div class=\"elementor-element elementor-element-0a5ddfd elementor-widget elementor-widget-moore_elementor_heading\" data-id=\"0a5ddfd\" data-element_type=\"widget\" data-widget_type=\"moore_elementor_heading.default\">\n\t\t\t\t<div class=\"elementor-widget-container\">\n\t\t\t         <div class=\"ova-heading\">\n\n\t\t\t<h2 class=\"title\">On vous accueille \u00e9t\u00e9 comme hiver POUR\nVOS Vacances \u00e0 champagny-en-vanoise, <\/h2>\n\t\t \t\n\t    <\/div>\n\t\t \t\n\t\t\t\t<\/div>\n\t\t\t\t<\/div>\n\t\t\t\t<div class=\"elementor-element elementor-element-7dfad9c elementor-align-center elementor-widget elementor-widget-button\" data-id=\"7dfad9c\" data-element_type=\"widget\" data-widget_type=\"button.default\">\n\t\t\t\t<div class=\"elementor-widget-container\">\n\t\t\t\t\t<div class=\"elementor-button-wrapper\">\n\t\t\t<a class=\"elementor-button elementor-button-link elementor-size-sm\" href=\"https:\/\/residence-balconsetoiles.com\/appartements\/\">\n\t\t\t\t\t\t<span class=\"elementor-button-content-wrapper\">\n\t\t\t\t\t\t<span class=\"elementor-button-text\">D\u00c9COUVREZ NOS APPARTEMENTS<\/span>\n\t\t<\/span>\n\t\t\t\t\t<\/a>\n\t\t<\/div>\n\t\t\t\t<\/div>\n\t\t\t\t<\/div>\n\t\t\t\t<section class=\"elementor-section elementor-inner-section elementor-element elementor-element-8fa32d1 elementor-section-boxed elementor-section-height-default elementor-section-height-default\" data-id=\"8fa32d1\" data-element_type=\"section\" id=\"anchor2\">\n\t\t\t\t\t\t<div class=\"elementor-container elementor-column-gap-default\">\n\t\t\t\t\t<div class=\"elementor-column elementor-col-50 elementor-inner-column elementor-element elementor-element-98f0d1d\" data-id=\"98f0d1d\" data-element_type=\"column\">\n\t\t\t<div class=\"elementor-widget-wrap elementor-element-populated\">\n\t\t\t\t\t\t<div class=\"elementor-element elementor-element-83c7cbd elementor-widget elementor-widget-image\" data-id=\"83c7cbd\" data-element_type=\"widget\" data-widget_type=\"image.default\">\n\t\t\t\t<div class=\"elementor-widget-container\">\n\t\t\t<style>\/*! elementor - v3.20.0 - 11-03-2024 *\/\n.elementor-widget-image{text-align:center}.elementor-widget-image a{display:inline-block}.elementor-widget-image a img[src$=\".svg\"]{width:48px}.elementor-widget-image img{vertical-align:middle;display:inline-block}<\/style>\t\t\t\t\t\t\t\t\t\t<img src=\"https:\/\/residence-balconsetoiles.com\/wp-content\/uploads\/elementor\/thumbs\/ete-vacances-champagny-en-vanoise-qomu68yyxzsalvzighhdrw0kfv2wuznynh9p6373bc.jpg\" title=\"ete-vacances-champagny-en-vanoise\" alt=\"ete-vacances-champagny-en-vanoise\" loading=\"lazy\" \/>\t\t\t\t\t\t\t\t\t\t\t\t\t<\/div>\n\t\t\t\t<\/div>\n\t\t\t\t<div class=\"elementor-element elementor-element-4d968ea elementor-widget elementor-widget-moore_elementor_heading\" data-id=\"4d968ea\" data-element_type=\"widget\" data-widget_type=\"moore_elementor_heading.default\">\n\t\t\t\t<div class=\"elementor-widget-container\">\n\t\t\t         <div class=\"ova-heading\">\n\n\t\t\t<h3 class=\"title\">ACTIVIT\u00c9S \u00c9T\u00c9<\/h3>\n\t\t \t\n\t    <\/div>\n\t\t \t\n\t\t\t\t<\/div>\n\t\t\t\t<\/div>\n\t\t\t\t<div class=\"elementor-element elementor-element-943fc4b elementor-widget elementor-widget-moore_elementor_text_list\" data-id=\"943fc4b\" data-element_type=\"widget\" data-widget_type=\"moore_elementor_text_list.default\">\n\t\t\t\t<div class=\"elementor-widget-container\">\n\t\t\t        <div class=\"ova-text-list\">\n\t\t    \t\t\t\t\t\t\t\t\t<a href=\"http:\/\/www.la-plagne.com\/savourez-%20une-multitude-d-activites\/retrouver-l-ete\/randonnee-%20pedestre\/itineraires-de-marche-et-randonnee \"  target=\"_blank\"  >\n\t\t    \n\t\t\t    \t\t\t\t    <p class=\"item\">\n\t\t\t\t\t\tRANDONN\u00c9ES P\u00c9DESTRE\t\t\t\t   <\/p>\n\t\t\t\t\n            \t\t\t<\/a>\n\t\t    \n\t\t\t\t\t\t\t\t\t\t\t\t<a href=\"http:\/\/www.la-plagne.com\/savourez-une-multitude-d-%20activites\/plongez-au-coeur-de-l-ete\/velo\/vtt \"  target=\"_blank\"  >\n\t\t    \n\t\t\t    \t\t\t\t    <p class=\"item\">\n\t\t\t\t\t\tVTT\t\t\t\t   <\/p>\n\t\t\t\t\n            \t\t\t<\/a>\n\t\t    \n\t\t\t\t\t\t\t\t\t\t\t\t<a href=\"http:\/\/guides-champagny.fr \"  target=\"_blank\"  >\n\t\t    \n\t\t\t    \t\t\t\t    <p class=\"item\">\n\t\t\t\t\t\tESCALADE ET VIA FERRATA\t\t\t\t   <\/p>\n\t\t\t\t\n            \t\t\t<\/a>\n\t\t    \n\t\t\t\t\t\t\t\t\t\t\t\t<a href=\"https:\/\/www.la-plagne.com\/savourez-une-multitude-d-activites\/inspirez-expirez\/bains-et-spas\/spa-espace-detente-de-la-piscine \"  target=\"_blank\"  >\n\t\t    \n\t\t\t    \t\t\t\t    <p class=\"item\">\n\t\t\t\t\t\tPISCINE &amp; SPA\t\t\t\t   <\/p>\n\t\t\t\t\n            \t\t\t<\/a>\n\t\t    \n\t\t\t\t\t\t\t\t\t\t\t\t<a href=\"http:\/\/guides-champagny.fr \"  target=\"_blank\"  >\n\t\t    \n\t\t\t    \t\t\t\t    <p class=\"item\">\n\t\t\t\t\t\tACCROBRANCHE\t\t\t\t   <\/p>\n\t\t\t\t\n            \t\t\t<\/a>\n\t\t    \n\t\t\t\t\t<\/div>\n\t\t \t\n\t\t\t\t<\/div>\n\t\t\t\t<\/div>\n\t\t\t\t\t<\/div>\n\t\t<\/div>\n\t\t\t\t<div class=\"elementor-column elementor-col-50 elementor-inner-column elementor-element elementor-element-a0ded64\" data-id=\"a0ded64\" data-element_type=\"column\">\n\t\t\t<div class=\"elementor-widget-wrap elementor-element-populated\">\n\t\t\t\t\t\t<div class=\"elementor-element elementor-element-87670bd elementor-widget elementor-widget-image\" data-id=\"87670bd\" data-element_type=\"widget\" data-widget_type=\"image.default\">\n\t\t\t\t<div class=\"elementor-widget-container\">\n\t\t\t\t\t\t\t\t\t\t\t\t\t<img src=\"https:\/\/residence-balconsetoiles.com\/wp-content\/uploads\/elementor\/thumbs\/ski-nordique-champagny-hiver-qomu6hfini3vidn83350wbvpsbx7s9ljon52hkujrc.jpg\" title=\"ski-nordique-champagny-hiver\" alt=\"ski-nordique-champagny-hiver\" loading=\"lazy\" \/>\t\t\t\t\t\t\t\t\t\t\t\t\t<\/div>\n\t\t\t\t<\/div>\n\t\t\t\t<div class=\"elementor-element elementor-element-9ed17a0 elementor-widget elementor-widget-moore_elementor_heading\" data-id=\"9ed17a0\" data-element_type=\"widget\" data-widget_type=\"moore_elementor_heading.default\">\n\t\t\t\t<div class=\"elementor-widget-container\">\n\t\t\t         <div class=\"ova-heading\">\n\n\t\t\t<h3 class=\"title\">ACTIVIT\u00c9S HIVER<\/h3>\n\t\t \t\n\t    <\/div>\n\t\t \t\n\t\t\t\t<\/div>\n\t\t\t\t<\/div>\n\t\t\t\t<div class=\"elementor-element elementor-element-10ee179 elementor-widget elementor-widget-moore_elementor_text_list\" data-id=\"10ee179\" data-element_type=\"widget\" data-widget_type=\"moore_elementor_text_list.default\">\n\t\t\t\t<div class=\"elementor-widget-container\">\n\t\t\t        <div class=\"ova-text-list\">\n\t\t    \t\t\t\t\t\t\t\t\t<a href=\"https:\/\/paradiski.com\/ \"  target=\"_blank\"  >\n\t\t    \n\t\t\t    \t\t\t\t    <p class=\"item\">\n\t\t\t\t\t\tSKI ALPIN\t\t\t\t   <\/p>\n\t\t\t\t\n            \t\t\t<\/a>\n\t\t    \n\t\t\t\t\t\t\t\t\t\t\t\t<a href=\"https:\/\/champagny-nordic.fr \"  target=\"_blank\"  >\n\t\t    \n\t\t\t    \t\t\t\t    <p class=\"item\">\n\t\t\t\t\t\tSki nordique\t\t\t\t   <\/p>\n\t\t\t\t\n            \t\t\t<\/a>\n\t\t    \n\t\t\t\t\t\t\t\t\t\t\t\t<a href=\"http:\/\/www.la-plagne.com \"  target=\"_blank\"  >\n\t\t    \n\t\t\t    \t\t\t\t    <p class=\"item\">\n\t\t\t\t\t\t\u00c0 PIED OU EN RAQUETTE\t\t\t\t   <\/p>\n\t\t\t\t\n            \t\t\t<\/a>\n\t\t    \n\t\t\t\t\t\t\t\t\t\t\t\t<a href=\"http:\/\/www.la-plagne.com\/savourez-une-multitude-d-%20activites\/immergez-vous-au-coeur-de-l-hiver\/%20bobsleigh-luge\/piste-de-luge-champagny-village \"  target=\"_blank\"  >\n\t\t    \n\t\t\t    \t\t\t\t    <p class=\"item\">\n\t\t\t\t\t\tLUGE\t\t\t\t   <\/p>\n\t\t\t\t\n            \t\t\t<\/a>\n\t\t    \n\t\t\t\t\t\t\t\t\t\t\t\t<a href=\"http:\/\/www.nordicaventures.com \"  target=\"_blank\"  >\n\t\t    \n\t\t\t    \t\t\t\t    <p class=\"item\">\n\t\t\t\t\t\tCHIENS DE TRAINEAUX\t\t\t\t   <\/p>\n\t\t\t\t\n            \t\t\t<\/a>\n\t\t    \n\t\t\t\t\t<\/div>\n\t\t \t\n\t\t\t\t<\/div>\n\t\t\t\t<\/div>\n\t\t\t\t\t<\/div>\n\t\t<\/div>\n\t\t\t\t\t<\/div>\n\t\t<\/section>\n\t\t\t\t\t<\/div>\n\t\t<\/div>\n\t\t\t\t\t<\/div>\n\t\t<\/section>\n\t\t\t\t<section class=\"elementor-section elementor-top-section elementor-element elementor-element-751184e elementor-section-full_width elementor-section-height-default elementor-section-height-default\" data-id=\"751184e\" data-element_type=\"section\">\n\t\t\t\t\t\t<div class=\"elementor-container elementor-column-gap-default\">\n\t\t\t\t\t<div class=\"elementor-column elementor-col-100 elementor-top-column elementor-element elementor-element-bbfcf4c\" data-id=\"bbfcf4c\" data-element_type=\"column\">\n\t\t\t<div class=\"elementor-widget-wrap elementor-element-populated\">\n\t\t\t\t\t\t<div class=\"elementor-element elementor-element-24cc26c elementor-widget elementor-widget-image\" data-id=\"24cc26c\" data-element_type=\"widget\" data-widget_type=\"image.default\">\n\t\t\t\t<div class=\"elementor-widget-container\">\n\t\t\t\t\t\t\t\t\t\t\t\t\t<img fetchpriority=\"high\" width=\"800\" height=\"87\" src=\"https:\/\/residence-balconsetoiles.com\/wp-content\/uploads\/2022\/07\/montagnes-1024x111.png\" class=\"attachment-large size-large wp-image-6622\" alt=\"\" srcset=\"https:\/\/residence-balconsetoiles.com\/wp-content\/uploads\/2022\/07\/montagnes-1024x111.png 1024w, https:\/\/residence-balconsetoiles.com\/wp-content\/uploads\/2022\/07\/montagnes-300x33.png 300w, https:\/\/residence-balconsetoiles.com\/wp-content\/uploads\/2022\/07\/montagnes-768x84.png 768w, https:\/\/residence-balconsetoiles.com\/wp-content\/uploads\/2022\/07\/montagnes-600x65.png 600w, https:\/\/residence-balconsetoiles.com\/wp-content\/uploads\/2022\/07\/montagnes.png 1223w\" sizes=\"(max-width: 800px) 100vw, 800px\" \/>\t\t\t\t\t\t\t\t\t\t\t\t\t<\/div>\n\t\t\t\t<\/div>\n\t\t\t\t\t<\/div>\n\t\t<\/div>\n\t\t\t\t\t<\/div>\n\t\t<\/section>\n\t\t\t\t<section class=\"elementor-section elementor-top-section elementor-element elementor-element-49fb95a elementor-section-boxed elementor-section-height-default elementor-section-height-default\" data-id=\"49fb95a\" data-element_type=\"section\">\n\t\t\t\t\t\t<div class=\"elementor-container elementor-column-gap-default\">\n\t\t\t\t\t<div class=\"elementor-column elementor-col-50 elementor-top-column elementor-element elementor-element-c20f374\" data-id=\"c20f374\" data-element_type=\"column\">\n\t\t\t<div class=\"elementor-widget-wrap elementor-element-populated\">\n\t\t\t\t\t\t<div class=\"elementor-element elementor-element-af2aec4 elementor-widget elementor-widget-image\" data-id=\"af2aec4\" data-element_type=\"widget\" data-widget_type=\"image.default\">\n\t\t\t\t<div class=\"elementor-widget-container\">\n\t\t\t\t\t\t\t\t\t\t\t\t\t<img width=\"2000\" height=\"1333\" src=\"https:\/\/residence-balconsetoiles.com\/wp-content\/uploads\/2022\/07\/ski-vacance-champagny-la-plagne.jpg\" class=\"attachment-full size-full wp-image-6331\" alt=\"\" srcset=\"https:\/\/residence-balconsetoiles.com\/wp-content\/uploads\/2022\/07\/ski-vacance-champagny-la-plagne.jpg 2000w, https:\/\/residence-balconsetoiles.com\/wp-content\/uploads\/2022\/07\/ski-vacance-champagny-la-plagne-300x200.jpg 300w, https:\/\/residence-balconsetoiles.com\/wp-content\/uploads\/2022\/07\/ski-vacance-champagny-la-plagne-1024x682.jpg 1024w, https:\/\/residence-balconsetoiles.com\/wp-content\/uploads\/2022\/07\/ski-vacance-champagny-la-plagne-768x512.jpg 768w, https:\/\/residence-balconsetoiles.com\/wp-content\/uploads\/2022\/07\/ski-vacance-champagny-la-plagne-1536x1024.jpg 1536w, https:\/\/residence-balconsetoiles.com\/wp-content\/uploads\/2022\/07\/ski-vacance-champagny-la-plagne-600x400.jpg 600w\" sizes=\"(max-width: 2000px) 100vw, 2000px\" \/>\t\t\t\t\t\t\t\t\t\t\t\t\t<\/div>\n\t\t\t\t<\/div>\n\t\t\t\t\t<\/div>\n\t\t<\/div>\n\t\t\t\t<div class=\"elementor-column elementor-col-50 elementor-top-column elementor-element elementor-element-20a7169\" data-id=\"20a7169\" data-element_type=\"column\">\n\t\t\t<div class=\"elementor-widget-wrap elementor-element-populated\">\n\t\t\t\t\t\t<div class=\"elementor-element elementor-element-c4c8689 elementor-widget elementor-widget-moore_elementor_heading\" data-id=\"c4c8689\" data-element_type=\"widget\" data-widget_type=\"moore_elementor_heading.default\">\n\t\t\t\t<div class=\"elementor-widget-container\">\n\t\t\t         <div class=\"ova-heading\">\n\n\t\t\t<h2 class=\"title\">PARADISKI, UN DOMAINE SKIABLE D\u2019EXCEPTION<\/h2>\n\t\t \t\n\t    <\/div>\n\t\t \t\n\t\t\t\t<\/div>\n\t\t\t\t<\/div>\n\t\t\t\t<div class=\"elementor-element elementor-element-db49553 elementor-widget elementor-widget-text-editor\" data-id=\"db49553\" data-element_type=\"widget\" data-widget_type=\"text-editor.default\">\n\t\t\t\t<div class=\"elementor-widget-container\">\n\t\t\t<style>\/*! elementor - v3.20.0 - 11-03-2024 *\/\n.elementor-widget-text-editor.elementor-drop-cap-view-stacked .elementor-drop-cap{background-color:#69727d;color:#fff}.elementor-widget-text-editor.elementor-drop-cap-view-framed .elementor-drop-cap{color:#69727d;border:3px solid;background-color:transparent}.elementor-widget-text-editor:not(.elementor-drop-cap-view-default) .elementor-drop-cap{margin-top:8px}.elementor-widget-text-editor:not(.elementor-drop-cap-view-default) .elementor-drop-cap-letter{width:1em;height:1em}.elementor-widget-text-editor .elementor-drop-cap{float:left;text-align:center;line-height:1;font-size:50px}.elementor-widget-text-editor .elementor-drop-cap-letter{display:inline-block}<\/style>\t\t\t\t<div class=\"page\" title=\"Page 6\">\n<div class=\"section\">\n<div class=\"layoutArea\">\n<div class=\"column\">\n\nChampagny-en-Vanoise est une des stations du domaine skiable PARADISKI relie\u0301e a\u0300 La Plagne, aux Arcs ou encore a\u0300 Peisey-Vallandry. Le domaine de Paradiski offre 425 km de pistes accessible aux familles et aux skieurs de tout niveau !\n<br>\n<br>Avec 70% des pistes se situant a\u0300 plus de 2000m d\u2019altitude, le domaine vous garantit un enneigement optimal.\n\n<br>\n<br> \u00c0 deux pas de la t\u00e9l\u00e9cabine, la r\u00e9sidence Les Balcons \u00c9toil\u00e9s est id\u00e9alement situ\u00e9e pour vos vacances \u00e0 Champagny-en-Vanoise.\n\n<\/div>\n<\/div>\n<\/div>\n<\/div>\t\t\t\t\t\t<\/div>\n\t\t\t\t<\/div>\n\t\t\t\t<div class=\"elementor-element elementor-element-e019906 elementor-align-center elementor-widget elementor-widget-button\" data-id=\"e019906\" data-element_type=\"widget\" data-widget_type=\"button.default\">\n\t\t\t\t<div class=\"elementor-widget-container\">\n\t\t\t\t\t<div class=\"elementor-button-wrapper\">\n\t\t\t<a class=\"elementor-button elementor-button-link elementor-size-sm\" href=\"https:\/\/www.la-plagne.com\/decouvrir-la-plagne\/domaine-skiable\/webcams\/champagny-village\" target=\"_blank\">\n\t\t\t\t\t\t<span class=\"elementor-button-content-wrapper\">\n\t\t\t\t\t\t<span class=\"elementor-button-text\">VOIR LES WEBCAMS<\/span>\n\t\t<\/span>\n\t\t\t\t\t<\/a>\n\t\t<\/div>\n\t\t\t\t<\/div>\n\t\t\t\t<\/div>\n\t\t\t\t\t<\/div>\n\t\t<\/div>\n\t\t\t\t\t<\/div>\n\t\t<\/section>\n\t\t\t\t<section class=\"elementor-section elementor-top-section elementor-element elementor-element-861b6e1 elementor-section-boxed elementor-section-height-default elementor-section-height-default\" data-id=\"861b6e1\" data-element_type=\"section\">\n\t\t\t\t\t\t<div class=\"elementor-container elementor-column-gap-default\">\n\t\t\t\t\t<div class=\"elementor-column elementor-col-50 elementor-top-column elementor-element elementor-element-7e1fccf\" data-id=\"7e1fccf\" data-element_type=\"column\">\n\t\t\t<div class=\"elementor-widget-wrap elementor-element-populated\">\n\t\t\t\t\t\t<div class=\"elementor-element elementor-element-82fdc8f elementor-widget elementor-widget-moore_elementor_heading\" data-id=\"82fdc8f\" data-element_type=\"widget\" data-widget_type=\"moore_elementor_heading.default\">\n\t\t\t\t<div class=\"elementor-widget-container\">\n\t\t\t         <div class=\"ova-heading\">\n\n\t\t\t<h2 class=\"title\">aux portes du parc national de la vanoise<\/h2>\n\t\t \t\n\t    <\/div>\n\t\t \t\n\t\t\t\t<\/div>\n\t\t\t\t<\/div>\n\t\t\t\t<div class=\"elementor-element elementor-element-65b8a6a elementor-widget elementor-widget-text-editor\" data-id=\"65b8a6a\" data-element_type=\"widget\" data-widget_type=\"text-editor.default\">\n\t\t\t\t<div class=\"elementor-widget-container\">\n\t\t\t\t\t\t\tL\u00e2chez prise et prenez un grand bol d&rsquo;air pur lors de vos vacances \u00e0 Champagny-en-Vanoise, o\u00f9 de nombreuses activit\u00e9s s&rsquo;offrent \u00e0 vous. En famille, entre amis, en couple ou en solo, vous trouverez tout ce qu&rsquo;il vous faut pour des vacances r\u00e9unies !\n\n<br>\n<br>Sportifs du dimanche ou aguerris, vous trouverez basket \u00e0 votre pied ici : randonn\u00e9es, escalade, accrobranche, via-ferrata, \u00e9quitation, VTT et VTT-AE, p\u00eache &#8230;\n\nVous pr\u00e9f\u00e9rez vous d\u00e9tendre ? La station poss\u00e8de une piscine d\u00e9couverte avec pataugeoire et espace bien-\u00eatre ainsi qu&rsquo;une vue in\u00e9galable sur la vall\u00e9e. Un espace loisir a \u00e9t\u00e9 am\u00e9nag\u00e9 \u00e0 c\u00f4t\u00e9, avec une aire de jeux pour les plus petits, des tables de ping-pong, des terrains de football et basket-ball et un espace \u00ab\u00a0street work-out\u00a0\u00bb pour se remettre en forme. Venez \u00e9galement tester les nouveaux terrains de tennis ainsi que le pump-track, pour petits et grands !\t\t\t\t\t\t<\/div>\n\t\t\t\t<\/div>\n\t\t\t\t\t<\/div>\n\t\t<\/div>\n\t\t\t\t<div class=\"elementor-column elementor-col-50 elementor-top-column elementor-element elementor-element-0c86d4f\" data-id=\"0c86d4f\" data-element_type=\"column\">\n\t\t\t<div class=\"elementor-widget-wrap elementor-element-populated\">\n\t\t\t\t\t\t<div class=\"elementor-element elementor-element-c694f92 elementor-widget elementor-widget-image\" data-id=\"c694f92\" data-element_type=\"widget\" data-widget_type=\"image.default\">\n\t\t\t\t<div class=\"elementor-widget-container\">\n\t\t\t\t\t\t\t\t\t\t\t\t\t<img width=\"1685\" height=\"1123\" src=\"https:\/\/residence-balconsetoiles.com\/wp-content\/uploads\/2022\/07\/ete-champagny-paysage.jpg\" class=\"attachment-full size-full wp-image-6697\" alt=\"vacance ete champagny parc de la vanoise\" srcset=\"https:\/\/residence-balconsetoiles.com\/wp-content\/uploads\/2022\/07\/ete-champagny-paysage.jpg 1685w, https:\/\/residence-balconsetoiles.com\/wp-content\/uploads\/2022\/07\/ete-champagny-paysage-300x200.jpg 300w, https:\/\/residence-balconsetoiles.com\/wp-content\/uploads\/2022\/07\/ete-champagny-paysage-1024x682.jpg 1024w, https:\/\/residence-balconsetoiles.com\/wp-content\/uploads\/2022\/07\/ete-champagny-paysage-768x512.jpg 768w, https:\/\/residence-balconsetoiles.com\/wp-content\/uploads\/2022\/07\/ete-champagny-paysage-1536x1024.jpg 1536w, https:\/\/residence-balconsetoiles.com\/wp-content\/uploads\/2022\/07\/ete-champagny-paysage-600x400.jpg 600w\" sizes=\"(max-width: 1685px) 100vw, 1685px\" \/>\t\t\t\t\t\t\t\t\t\t\t\t\t<\/div>\n\t\t\t\t<\/div>\n\t\t\t\t\t<\/div>\n\t\t<\/div>\n\t\t\t\t\t<\/div>\n\t\t<\/section>\n\t\t\t\t<\/div>\n\t\t","protected":false},"excerpt":{"rendered":"<p>VOS VACANCES \u00c0 CHAMPAGNY-EN-VANOISE VOS VACANCES \u00c0 CHAMPAGNY-EN-VANOISE On vous accueille \u00e9t\u00e9 comme hiver POUR VOS Vacances \u00e0 champagny-en-vanoise, D\u00c9COUVREZ NOS APPARTEMENTS ACTIVIT\u00c9S \u00c9T\u00c9 RANDONN\u00c9ES P\u00c9DESTRE VTT ESCALADE ET VIA FERRATA PISCINE &amp; SPA ACCROBRANCHE ACTIVIT\u00c9S HIVER SKI ALPIN Ski nordique \u00c0 PIED OU EN RAQUETTE LUGE CHIENS DE TRAINEAUX PARADISKI, UN DOMAINE SKIABLE D\u2019EXCEPTION [&hellip;]<\/p>\n","protected":false},"author":1,"featured_media":6323,"parent":0,"menu_order":0,"comment_status":"closed","ping_status":"closed","template":"elementor_header_footer","meta":[],"yoast_head":"<!-- This site is optimized with the Yoast SEO plugin v20.6 - https:\/\/yoast.com\/wordpress\/plugins\/seo\/ -->\n<title>Vacances \u00e0 Champagny-en-Vanoise - Les Balcons \u00c9toil\u00e9s<\/title>\n<meta name=\"description\" content=\"Pour vos vacances \u00e0 Champagny-en-Vanoise, en \u00e9t\u00e9 ou en hiver, louer l&#039;un de nos 47 appartements. R\u00e9sidence de standing au coeur du village.\" \/>\n<meta name=\"robots\" content=\"index, follow, max-snippet:-1, max-image-preview:large, max-video-preview:-1\" \/>\n<link rel=\"canonical\" href=\"https:\/\/residence-balconsetoiles.com\/fr\/vacances-a-champagny-en-vanoise\/\" \/>\n<meta property=\"og:locale\" content=\"fr_FR\" \/>\n<meta property=\"og:type\" content=\"article\" \/>\n<meta property=\"og:title\" content=\"Vacances \u00e0 Champagny-en-Vanoise - Les Balcons \u00c9toil\u00e9s\" \/>\n<meta property=\"og:description\" content=\"Pour vos vacances \u00e0 Champagny-en-Vanoise, en \u00e9t\u00e9 ou en hiver, louer l&#039;un de nos 47 appartements. R\u00e9sidence de standing au coeur du village.\" \/>\n<meta property=\"og:url\" content=\"https:\/\/residence-balconsetoiles.com\/fr\/vacances-a-champagny-en-vanoise\/\" \/>\n<meta property=\"og:site_name\" content=\"Les Balcons \u00c9toil\u00e9s\" \/>\n<meta property=\"article:modified_time\" content=\"2022-08-02T07:58:16+00:00\" \/>\n<meta property=\"og:image\" content=\"https:\/\/residence-balconsetoiles.com\/wp-content\/uploads\/2022\/07\/ski-champagny-vacances.jpg\" \/>\n\t<meta property=\"og:image:width\" content=\"422\" \/>\n\t<meta property=\"og:image:height\" content=\"450\" \/>\n\t<meta property=\"og:image:type\" content=\"image\/jpeg\" \/>\n<meta name=\"twitter:card\" content=\"summary_large_image\" \/>\n<script type=\"application\/ld+json\" class=\"yoast-schema-graph\">{\"@context\":\"https:\/\/schema.org\",\"@graph\":[{\"@type\":\"WebPage\",\"@id\":\"https:\/\/residence-balconsetoiles.com\/fr\/vacances-a-champagny-en-vanoise\/\",\"url\":\"https:\/\/residence-balconsetoiles.com\/fr\/vacances-a-champagny-en-vanoise\/\",\"name\":\"Vacances \u00e0 Champagny-en-Vanoise - Les Balcons \u00c9toil\u00e9s\",\"isPartOf\":{\"@id\":\"https:\/\/residence-balconsetoiles.com\/fr\/#website\"},\"datePublished\":\"2021-09-16T05:42:39+00:00\",\"dateModified\":\"2022-08-02T07:58:16+00:00\",\"description\":\"Pour vos vacances \u00e0 Champagny-en-Vanoise, en \u00e9t\u00e9 ou en hiver, louer l'un de nos 47 appartements. R\u00e9sidence de standing au coeur du village.\",\"breadcrumb\":{\"@id\":\"https:\/\/residence-balconsetoiles.com\/fr\/vacances-a-champagny-en-vanoise\/#breadcrumb\"},\"inLanguage\":\"fr-FR\",\"potentialAction\":[{\"@type\":\"ReadAction\",\"target\":[\"https:\/\/residence-balconsetoiles.com\/fr\/vacances-a-champagny-en-vanoise\/\"]}]},{\"@type\":\"BreadcrumbList\",\"@id\":\"https:\/\/residence-balconsetoiles.com\/fr\/vacances-a-champagny-en-vanoise\/#breadcrumb\",\"itemListElement\":[{\"@type\":\"ListItem\",\"position\":1,\"name\":\"Accueil\",\"item\":\"https:\/\/residence-balconsetoiles.com\/fr\/\"},{\"@type\":\"ListItem\",\"position\":2,\"name\":\"vacances \u00e0 champagny en vanoise\"}]},{\"@type\":\"WebSite\",\"@id\":\"https:\/\/residence-balconsetoiles.com\/fr\/#website\",\"url\":\"https:\/\/residence-balconsetoiles.com\/fr\/\",\"name\":\"Les Balcons \u00c9toil\u00e9s\",\"description\":\"R\u00e9sidence Champagny-en-Vanoise\",\"publisher\":{\"@id\":\"https:\/\/residence-balconsetoiles.com\/fr\/#organization\"},\"potentialAction\":[{\"@type\":\"SearchAction\",\"target\":{\"@type\":\"EntryPoint\",\"urlTemplate\":\"https:\/\/residence-balconsetoiles.com\/fr\/?s={search_term_string}\"},\"query-input\":\"required name=search_term_string\"}],\"inLanguage\":\"fr-FR\"},{\"@type\":\"Organization\",\"@id\":\"https:\/\/residence-balconsetoiles.com\/fr\/#organization\",\"name\":\"R\u00e9sidence Les Balcons \u00c9toil\u00e9s - Champagny en Vanosie\",\"url\":\"https:\/\/residence-balconsetoiles.com\/fr\/\",\"logo\":{\"@type\":\"ImageObject\",\"inLanguage\":\"fr-FR\",\"@id\":\"https:\/\/residence-balconsetoiles.com\/fr\/#\/schema\/logo\/image\/\",\"url\":\"https:\/\/residence-balconsetoiles.com\/wp-content\/uploads\/2022\/07\/logo-balcons-etoiles.png\",\"contentUrl\":\"https:\/\/residence-balconsetoiles.com\/wp-content\/uploads\/2022\/07\/logo-balcons-etoiles.png\",\"width\":1525,\"height\":379,\"caption\":\"R\u00e9sidence Les Balcons \u00c9toil\u00e9s - Champagny en Vanosie\"},\"image\":{\"@id\":\"https:\/\/residence-balconsetoiles.com\/fr\/#\/schema\/logo\/image\/\"}}]}<\/script>\n<!-- \/ Yoast SEO plugin. -->","yoast_head_json":{"title":"Vacances \u00e0 Champagny-en-Vanoise - Les Balcons \u00c9toil\u00e9s","description":"Pour vos vacances \u00e0 Champagny-en-Vanoise, en \u00e9t\u00e9 ou en hiver, louer l'un de nos 47 appartements. R\u00e9sidence de standing au coeur du village.","robots":{"index":"index","follow":"follow","max-snippet":"max-snippet:-1","max-image-preview":"max-image-preview:large","max-video-preview":"max-video-preview:-1"},"canonical":"https:\/\/residence-balconsetoiles.com\/fr\/vacances-a-champagny-en-vanoise\/","og_locale":"fr_FR","og_type":"article","og_title":"Vacances \u00e0 Champagny-en-Vanoise - Les Balcons \u00c9toil\u00e9s","og_description":"Pour vos vacances \u00e0 Champagny-en-Vanoise, en \u00e9t\u00e9 ou en hiver, louer l'un de nos 47 appartements. R\u00e9sidence de standing au coeur du village.","og_url":"https:\/\/residence-balconsetoiles.com\/fr\/vacances-a-champagny-en-vanoise\/","og_site_name":"Les Balcons \u00c9toil\u00e9s","article_modified_time":"2022-08-02T07:58:16+00:00","og_image":[{"width":422,"height":450,"url":"https:\/\/residence-balconsetoiles.com\/wp-content\/uploads\/2022\/07\/ski-champagny-vacances.jpg","type":"image\/jpeg"}],"twitter_card":"summary_large_image","schema":{"@context":"https:\/\/schema.org","@graph":[{"@type":"WebPage","@id":"https:\/\/residence-balconsetoiles.com\/fr\/vacances-a-champagny-en-vanoise\/","url":"https:\/\/residence-balconsetoiles.com\/fr\/vacances-a-champagny-en-vanoise\/","name":"Vacances \u00e0 Champagny-en-Vanoise - Les Balcons \u00c9toil\u00e9s","isPartOf":{"@id":"https:\/\/residence-balconsetoiles.com\/fr\/#website"},"datePublished":"2021-09-16T05:42:39+00:00","dateModified":"2022-08-02T07:58:16+00:00","description":"Pour vos vacances \u00e0 Champagny-en-Vanoise, en \u00e9t\u00e9 ou en hiver, louer l'un de nos 47 appartements. R\u00e9sidence de standing au coeur du village.","breadcrumb":{"@id":"https:\/\/residence-balconsetoiles.com\/fr\/vacances-a-champagny-en-vanoise\/#breadcrumb"},"inLanguage":"fr-FR","potentialAction":[{"@type":"ReadAction","target":["https:\/\/residence-balconsetoiles.com\/fr\/vacances-a-champagny-en-vanoise\/"]}]},{"@type":"BreadcrumbList","@id":"https:\/\/residence-balconsetoiles.com\/fr\/vacances-a-champagny-en-vanoise\/#breadcrumb","itemListElement":[{"@type":"ListItem","position":1,"name":"Accueil","item":"https:\/\/residence-balconsetoiles.com\/fr\/"},{"@type":"ListItem","position":2,"name":"vacances \u00e0 champagny en vanoise"}]},{"@type":"WebSite","@id":"https:\/\/residence-balconsetoiles.com\/fr\/#website","url":"https:\/\/residence-balconsetoiles.com\/fr\/","name":"Les Balcons \u00c9toil\u00e9s","description":"R\u00e9sidence Champagny-en-Vanoise","publisher":{"@id":"https:\/\/residence-balconsetoiles.com\/fr\/#organization"},"potentialAction":[{"@type":"SearchAction","target":{"@type":"EntryPoint","urlTemplate":"https:\/\/residence-balconsetoiles.com\/fr\/?s={search_term_string}"},"query-input":"required name=search_term_string"}],"inLanguage":"fr-FR"},{"@type":"Organization","@id":"https:\/\/residence-balconsetoiles.com\/fr\/#organization","name":"R\u00e9sidence Les Balcons \u00c9toil\u00e9s - Champagny en Vanosie","url":"https:\/\/residence-balconsetoiles.com\/fr\/","logo":{"@type":"ImageObject","inLanguage":"fr-FR","@id":"https:\/\/residence-balconsetoiles.com\/fr\/#\/schema\/logo\/image\/","url":"https:\/\/residence-balconsetoiles.com\/wp-content\/uploads\/2022\/07\/logo-balcons-etoiles.png","contentUrl":"https:\/\/residence-balconsetoiles.com\/wp-content\/uploads\/2022\/07\/logo-balcons-etoiles.png","width":1525,"height":379,"caption":"R\u00e9sidence Les Balcons \u00c9toil\u00e9s - Champagny en Vanosie"},"image":{"@id":"https:\/\/residence-balconsetoiles.com\/fr\/#\/schema\/logo\/image\/"}}]}},"_links":{"self":[{"href":"https:\/\/residence-balconsetoiles.com\/fr\/wp-json\/wp\/v2\/pages\/564"}],"collection":[{"href":"https:\/\/residence-balconsetoiles.com\/fr\/wp-json\/wp\/v2\/pages"}],"about":[{"href":"https:\/\/residence-balconsetoiles.com\/fr\/wp-json\/wp\/v2\/types\/page"}],"author":[{"embeddable":true,"href":"https:\/\/residence-balconsetoiles.com\/fr\/wp-json\/wp\/v2\/users\/1"}],"replies":[{"embeddable":true,"href":"https:\/\/residence-balconsetoiles.com\/fr\/wp-json\/wp\/v2\/comments?post=564"}],"version-history":[{"count":60,"href":"https:\/\/residence-balconsetoiles.com\/fr\/wp-json\/wp\/v2\/pages\/564\/revisions"}],"predecessor-version":[{"id":8107,"href":"https:\/\/residence-balconsetoiles.com\/fr\/wp-json\/wp\/v2\/pages\/564\/revisions\/8107"}],"wp:featuredmedia":[{"embeddable":true,"href":"https:\/\/residence-balconsetoiles.com\/fr\/wp-json\/wp\/v2\/media\/6323"}],"wp:attachment":[{"href":"https:\/\/residence-balconsetoiles.com\/fr\/wp-json\/wp\/v2\/media?parent=564"}],"curies":[{"name":"wp","href":"https:\/\/api.w.org\/{rel}","templated":true}]}}